{"id":4016,"date":"2013-09-12T13:25:41","date_gmt":"2013-09-12T11:25:41","guid":{"rendered":"http:\/\/www.grueneliga-thueringen.de?page_id=4016"},"modified":"2018-12-07T11:36:05","modified_gmt":"2018-12-07T10:36:05","slug":"ig-stadtoekologie-arnstadt","status":"publish","type":"page","link":"https:\/\/www.grueneliga-thueringen.de\/en\/regionalstellen\/ig-stadtoekologie-arnstadt\/","title":{"rendered":"IG Stadt\u00f6kologie Arnstadt"},"content":{"rendered":"<h2>\u00a0IG Stadt\u00f6kologie Arnstadt<\/h2>\n<p>Die Interessengemeinschaft Stadt\u00f6kologie Arnstadt gibt es seit 1985. Im Oktober 1990 wurde der eigenst\u00e4ndige Verein \u201dIG Stadt\u00f6kologie Arnstadt\u201d gegr\u00fcndet und im April 1991 in das Vereinsregister eingetragen.<\/p>\n<p>Die IG Stadt\u00f6kologie Arnstadt e.V. bem\u00fcht sich konkret um L\u00f6sungsans\u00e4tze in den Bereichen Energie, Verkehr, Agenda 21 und Stadtgr\u00fcn sowie die bessere Akzeptanz umweltrelevanter Fragen unter der Bev\u00f6lkerung und in der Bildungsarbeit.<\/p>\n<p>Das Grundanliegen ist die Vermittlung von Informationen und Innovationen f\u00fcr eine nachhaltige Entwicklung in der Region sowie in Th\u00fcringen.<\/p>\n<p>Im Dezember 1993 wurde das Umwelt-Medien-Zentrum (UMZ) er\u00f6ffnet. \u00dcber das UMZ werden alle gr\u00f6\u00dferen Projekte koordiniert, so auch das landesweit wirksame Projekt \u201dNachhaltigkeitszentrum Th\u00fcringen\u201d.<\/p>\n<p>1995 war die gr\u00f6\u00dfte Aktion der \u201d1. Arnst\u00e4dter Umweltmarkt\u201d, der viel Anklang fand. \u00dcber 50 Teilnehmer repr\u00e4sentierten umweltrelevante Informationen, boten Produkte und Technologien an. Inzwischen konnten 17 Umwelt- und Erlebnism\u00e4rkte mit je 70 &#8211; 100 Teilnehmern organisiert werden.<\/p>\n<p>Weitere Informationen finden Sie auf der\u00a0 <a href=\"http:\/\/www.stadtoekologie-arnstadt.de\/\" target=\"_blank\">Webseite der IG Stadt\u00f6kologie Arnstadt e.V.<\/a><\/p>\n<p style=\"text-align: left;\">Das Nachhaltigkeitszentrum finden Sie unter: <a href=\"http:\/\/www.nhz-th.de\" target=\"_blank\">http:\/\/www.nhz-th.de <\/a><a href=\"http:\/\/www.grueneliga-thueringen.de\/wp-content\/uploads\/2014\/04\/logo-NHZ.png\"><img loading=\"lazy\" decoding=\"async\" class=\"size-full wp-image-4647 alignnone\" alt=\"logo NHZ\" src=\"http:\/\/www.grueneliga-thueringen.de\/wp-content\/uploads\/2014\/04\/logo-NHZ.png\" width=\"238\" height=\"57\" \/><\/a><\/p>\n<p>&nbsp;<\/p>\n","protected":false},"excerpt":{"rendered":"<p>\u00a0IG Stadt\u00f6kologie Arnstadt Die Interessengemeinschaft Stadt\u00f6kologie Arnstadt gibt es seit 1985. Im Oktober 1990 wurde der eigenst\u00e4ndige Verein \u201dIG Stadt\u00f6kologie Arnstadt\u201d gegr\u00fcndet und im April 1991 in das Vereinsregister eingetragen. Die IG Stadt\u00f6kologie Arnstadt e.V. bem\u00fcht sich konkret um L\u00f6sungsans\u00e4tze in den Bereichen Energie, Verkehr, Agenda 21 und Stadtgr\u00fcn sowie die bessere Akzeptanz umweltrelevanter Fragen unter der Bev\u00f6lkerung und in der Bildungsarbeit. Das Grundanliegen ist die Vermittlung von Informationen und Innovationen f\u00fcr eine nachhaltige Entwicklung in der Region sowie in Th\u00fcringen. Im Dezember 1993 wurde das Umwelt-Medien-Zentrum (UMZ) er\u00f6ffnet. \u00dcber das UMZ werden alle gr\u00f6\u00dferen Projekte koordiniert, so auch das landesweit wirksame Projekt \u201dNachhaltigkeitszentrum Th\u00fcringen\u201d. 1995 war die gr\u00f6\u00dfte Aktion der \u201d1. Arnst\u00e4dter Umweltmarkt\u201d, der viel Anklang fand. \u00dcber 50 Teilnehmer repr\u00e4sentierten umweltrelevante Informationen, boten Produkte und Technologien an. Inzwischen konnten 17 Umwelt- und Erlebnism\u00e4rkte mit je 70 &#8211; 100 Teilnehmern organisiert werden. Weitere Informationen finden Sie auf der\u00a0 Webseite der IG Stadt\u00f6kologie Arnstadt e.V. Das Nachhaltigkeitszentrum finden Sie unter: http:\/\/www.nhz-th.de &nbsp;<\/p>\n","protected":false},"author":1,"featured_media":0,"parent":54,"menu_order":3,"comment_status":"open","ping_status":"open","template":"side-navigation.php","meta":{"footnotes":""},"class_list":["post-4016","page","type-page","status-publish","hentry"],"_links":{"self":[{"href":"https:\/\/www.grueneliga-thueringen.de\/en\/wp-json\/wp\/v2\/pages\/4016","targetHints":{"allow":["GET"]}}],"collection":[{"href":"https:\/\/www.grueneliga-thueringen.de\/en\/wp-json\/wp\/v2\/pages"}],"about":[{"href":"https:\/\/www.grueneliga-thueringen.de\/en\/wp-json\/wp\/v2\/types\/page"}],"author":[{"embeddable":true,"href":"https:\/\/www.grueneliga-thueringen.de\/en\/wp-json\/wp\/v2\/users\/1"}],"replies":[{"embeddable":true,"href":"https:\/\/www.grueneliga-thueringen.de\/en\/wp-json\/wp\/v2\/comments?post=4016"}],"version-history":[{"count":17,"href":"https:\/\/www.grueneliga-thueringen.de\/en\/wp-json\/wp\/v2\/pages\/4016\/revisions"}],"predecessor-version":[{"id":5664,"href":"https:\/\/www.grueneliga-thueringen.de\/en\/wp-json\/wp\/v2\/pages\/4016\/revisions\/5664"}],"up":[{"embeddable":true,"href":"https:\/\/www.grueneliga-thueringen.de\/en\/wp-json\/wp\/v2\/pages\/54"}],"wp:attachment":[{"href":"https:\/\/www.grueneliga-thueringen.de\/en\/wp-json\/wp\/v2\/media?parent=4016"}],"curies":[{"name":"wp","href":"https:\/\/api.w.org\/{rel}","templated":true}]}}